{"id":592,"date":"2023-09-04T20:11:23","date_gmt":"2023-09-04T20:11:23","guid":{"rendered":"http:\/\/www.auxcostumesdantan.fr\/?page_id=592"},"modified":"2025-08-14T16:27:17","modified_gmt":"2025-08-14T16:27:17","slug":"mes-creations-diverses","status":"publish","type":"page","link":"http:\/\/www.auxcostumesdantan.fr\/?page_id=592","title":{"rendered":"Mes Cr\u00e9ations Diverses"},"content":{"rendered":"\n\n\nRobe 18\u00e8me\n\n<p>Commande cr\u00e9\u00e9e pour les journ\u00e9es patrimoines 2023 \u00e0 Montgeoffroy<\/p>\n\n\n\ncostume 18 \u00e8me\n\n\n\ncr\u00e9ation pour les journ\u00e9es patrimoines \u00e0 Montgeoffroy 2023\n\n\n\nRobe de bonne\n\n<p>Costume cr\u00e9\u00e9 pour les journ\u00e9es patrimoines 2022<\/p>\n\n\n\nTenue de femme de chambre\n\n\n\nTenue du ch\u00e2teau de Montgeoffroy\n\n\n\n\n\nRobe belle \u00e9poque\n\n<p>Robe cr\u00e9\u00e9e pour la soci\u00e9t\u00e9 Viality Tour \u00e0 Paris<\/p>\n\n\n\nrobes belle \u00e9poque\n\n\n\nTenues cr\u00e9es pour un week-end belle \u00e9poque 2023 \u00e0 Montgeoffroy\n\n\n\n\nRobe belle \u00e9poque\n\n\nTenues cr\u00e9\u00e9es pour un week-end belle \u00e9poque 2023 \u00e0 Montgeoffroy\n\n\n\nRobe belle \u00e9poque\n\n\n\nCommande cr\u00e9\u00e9e pour le week-end belle \u00e9poque au chateau de Montgeoffroy\n\n\n\n\n\n<font style=\"vertical-align: inherit;\"><font style=\"vertical-align: inherit;\">Cape m\u00e9di\u00e9vale<\/font><\/font>\n\n<p><font style=\"vertical-align: inherit;\"><font style=\"vertical-align: inherit;\">Commande r\u00e9alis\u00e9e pour un mariage 2024<\/font><\/font><\/p>\n\n\n\n\n\n\n\nRobe m\u00e9di\u00e9vale\n\n\n\nrobe cr\u00e9\u00e9e pour un week-end au Puy du fou\n\n\n\n\n\nRobe de cour 18\u00e8me\n\n<p>robe r\u00e9alis\u00e9e pour le ch\u00e2teau de Montgeoffroy<\/p>\n\n\n\n<font style=\"vertical-align: inherit;\"><font style=\"vertical-align: inherit;\">Robe de gouvernante du 18\u00e8me<\/font><\/font>\n\n\n\ncostume r\u00e9alis\u00e9 pour le ch\u00e2teau de Montgeoffroy\n\n\n\n\ncostume de valet\n\n\n\n<p>costume r\u00e9alis\u00e9 pour le ch\u00e2teau de Montgeoffroy\n\n\n\n\nCostume 18\u00e8me&nbsp; enfant\n\n\n\n<\/p><p>costume r\u00e9alis\u00e9 pour le ch\u00e2teau de Montgeoffroy<\/p>\n\n\n\n\n\n\nRobe 18\u00e8me\n\n\n\n<p><font style=\"vertical-align: inherit;\"><font style=\"vertical-align: inherit;\">r\u00e9alisation pour le ch\u00e2teau de Montgeoffroy<\/font><\/font><\/p>\n\n\n\n\nTenue d&rsquo;int\u00e9rieur homme 18\u00e8me\n\n\n<p>R\u00e9alisation pour le ch\u00e2teau de Montgeoffroy<\/p>\n\n\n\nCostume de marqis 18\u00e8me\n\n\n<p><font dir=\"auto\" style=\"vertical-align: inherit;\"><font dir=\"auto\" style=\"vertical-align: inherit;\">commande r\u00e9alis\u00e9e pour les journ\u00e9es patrimoines 2022<\/font><\/font><\/p>\n\n\nrobe 18\u00e8me\n\nr\u00e9alisation pour le ch\u00e2teau de Montgeoffroy\n\n\n\n\n\n<font style=\"vertical-align: inherit;\"><font style=\"vertical-align: inherit;\">Tenue pour Montgeoffroy<\/font><\/font>\n\n\n\n\n\nTenue pour Montgeoffroy<tenue pour=\"\" montgeoffroy<=\"\" div=\"\"><\/tenue>\n\n\n\n\n\nTenue pour Montgeoffroy\n\n\n\n\nRobe fillette pour Montgeoffroy\n\n\n\n\n\n\nRobe 1900 pour Montgeoffroy\n\n\n\n\n\nTenue 1900 pour Montgeoffroy\n\n\n\n\n\nTenue 1900 pour Montgeoffroy\n\n\n\n\n\nTenue 1900 pour Montgeoffroy\n\n\n\n\n\n\n\nRobe pour un mariage\n\n\n\n\n\n<font style=\"vertical-align: inherit;\"><font style=\"vertical-align: inherit;\">Robe pour Montgeoffroy<\/font><\/font>\n\n\n\n\nCommande robe 18\u00e8me\n\n<p><font dir=\"auto\" style=\"vertical-align: inherit;\"><font dir=\"auto\" style=\"vertical-align: inherit;\">Robe de veuve journ\u00e9es du patrimoine 2024<\/font><\/font><\/p>\n\n\nCommande robe 18\u00e8me\n\n<p>customisation d&rsquo;une robe de mari\u00e9e et cr\u00e9ation d&rsquo;une veste<\/p>\n\n\n\n\nRobe 18\u00e8me\n\n\n\n<font style=\"vertical-align: inherit;\"><font style=\"vertical-align: inherit;\">Robe 18\u00e8me<\/font><\/font>\n\n\n\nRobe 18\u00e8me\n\n\n\n\n\n\n\nRobe 18\u00e8me\n\n<p><font style=\"vertical-align: inherit;\"><font style=\"vertical-align: inherit;\">robe cr\u00e9\u00e9e pour spectacle \u00e9cole 2025<\/font><\/font><\/p>\n\n\n<font style=\"vertical-align: inherit;\"><font style=\"vertical-align: inherit;\"><font style=\"vertical-align: inherit;\"><font style=\"vertical-align: inherit;\">Robe empire<\/font><\/font><\/font><\/font>\n\n<p>robe cr\u00e9\u00e9e pour spectacle \u00e9cole 2025<\/p>\n\n\n<font style=\"vertical-align: inherit;\"><font style=\"vertical-align: inherit;\">Robe Olympe de Gouges<\/font><\/font>\n\n<p>Tenue cr\u00e9\u00e9e pour spectacle \u00e9cole 2025<\/p>\n\n\nMme Robespierre\n\n<p><font style=\"vertical-align: inherit;\"><font style=\"vertical-align: inherit;\">Tenue cr\u00e9\u00e9e pour spectacle \u00e9cole 2025<\/font><\/font><\/p>\n\n\n\n\nScapin\n\n<p><font style=\"vertical-align: inherit;\"><font style=\"vertical-align: inherit;\"><font style=\"vertical-align: inherit;\"><font style=\"vertical-align: inherit;\">Costume cr\u00e9\u00e9 pour spectacle \u00e9cole 2025<\/font><\/font><\/font><\/font><\/p>\n\n\nLouis 14\n\n<p><font style=\"vertical-align: inherit;\"><font style=\"vertical-align: inherit;\">Costume cr\u00e9\u00e9 pour spectacle \u00e9cole 2025<\/font><\/font><\/p>\n\n\nMme de Montespan\n\n<p><font style=\"vertical-align: inherit;\"><font style=\"vertical-align: inherit;\">Robe cr\u00e9\u00e9e pour spectacle \u00e9cole 2025<\/font><\/font><\/p>\n\n\n\n\n","protected":false},"excerpt":{"rendered":"","protected":false},"author":3,"featured_media":0,"parent":0,"menu_order":0,"comment_status":"closed","ping_status":"closed","template":"","meta":{"footnotes":""},"class_list":["post-592","page","type-page","status-publish","hentry"],"_links":{"self":[{"href":"http:\/\/www.auxcostumesdantan.fr\/index.php?rest_route=\/wp\/v2\/pages\/592","targetHints":{"allow":["GET"]}}],"collection":[{"href":"http:\/\/www.auxcostumesdantan.fr\/index.php?rest_route=\/wp\/v2\/pages"}],"about":[{"href":"http:\/\/www.auxcostumesdantan.fr\/index.php?rest_route=\/wp\/v2\/types\/page"}],"author":[{"embeddable":true,"href":"http:\/\/www.auxcostumesdantan.fr\/index.php?rest_route=\/wp\/v2\/users\/3"}],"replies":[{"embeddable":true,"href":"http:\/\/www.auxcostumesdantan.fr\/index.php?rest_route=%2Fwp%2Fv2%2Fcomments&post=592"}],"version-history":[{"count":47,"href":"http:\/\/www.auxcostumesdantan.fr\/index.php?rest_route=\/wp\/v2\/pages\/592\/revisions"}],"predecessor-version":[{"id":1539,"href":"http:\/\/www.auxcostumesdantan.fr\/index.php?rest_route=\/wp\/v2\/pages\/592\/revisions\/1539"}],"wp:attachment":[{"href":"http:\/\/www.auxcostumesdantan.fr\/index.php?rest_route=%2Fwp%2Fv2%2Fmedia&parent=592"}],"curies":[{"name":"wp","href":"https:\/\/api.w.org\/{rel}","templated":true}]}}